{"id":5680,"date":"2020-07-29T14:12:24","date_gmt":"2020-07-29T12:12:24","guid":{"rendered":"https:\/\/halle.dakd.de\/?page_id=5680"},"modified":"2022-04-21T17:29:45","modified_gmt":"2022-04-21T15:29:45","slug":"gemeindepfarrer","status":"publish","type":"page","link":"https:\/\/halle.dakd.de\/am\/gemeindepfarrer\/","title":{"rendered":"Gemeindepfarrer"},"content":{"rendered":"<p><div class=\"fusion-fullwidth fullwidth-box fusion-builder-row-1 fusion-flex-container nonhundred-percent-fullwidth non-hundred-percent-height-scrolling\" style=\"--awb-border-radius-top-left:0px;--awb-border-radius-top-right:0px;--awb-border-radius-bottom-right:0px;--awb-border-radius-bottom-left:0px;--awb-padding-right:12%;--awb-padding-bottom:0%;--awb-padding-left:12%;--awb-padding-right-medium:8%;--awb-padding-left-medium:8%;--awb-padding-right-small:40px;--awb-padding-left-small:40px;--awb-flex-wrap:wrap;\" ><div class=\"fusion-builder-row fusion-row fusion-flex-align-items-flex-start fusion-flex-content-wrap\" style=\"max-width:1248px;margin-left: calc(-4% \/ 2 );margin-right: calc(-4% \/ 2 );\"><div class=\"fusion-layout-column fusion_builder_column fusion-builder-column-0 fusion_builder_column_1_3 1_3 fusion-flex-column fusion-animated\" style=\"--awb-bg-size:cover;--awb-width-large:33.333333333333%;--awb-margin-top-large:0px;--awb-spacing-right-large:8.064%;--awb-margin-bottom-large:20px;--awb-spacing-left-large:5.76%;--awb-width-medium:100%;--awb-spacing-right-medium:1.92%;--awb-spacing-left-medium:1.92%;--awb-width-small:100%;--awb-spacing-right-small:1.92%;--awb-spacing-left-small:1.92%;\" data-animationType=\"fadeInLeft\" data-animationDuration=\"1.0\" data-animationOffset=\"top-into-view\"><div class=\"fusion-column-wrapper fusion-column-has-shadow fusion-flex-justify-content-flex-start fusion-content-layout-column\"><div class=\"fusion-image-element \" style=\"--awb-caption-title-font-family:var(--h2_typography-font-family);--awb-caption-title-font-weight:var(--h2_typography-font-weight);--awb-caption-title-font-style:var(--h2_typography-font-style);--awb-caption-title-size:var(--h2_typography-font-size);--awb-caption-title-transform:var(--h2_typography-text-transform);--awb-caption-title-line-height:var(--h2_typography-line-height);--awb-caption-title-letter-spacing:var(--h2_typography-letter-spacing);\"><span class=\" fusion-imageframe imageframe-none imageframe-1 hover-type-none\"><img decoding=\"async\" src=\"http:\/\/halle.dakd.de\/wp-content\/uploads\/2022\/04\/just-3-300x300.png\" alt class=\"img-responsive wp-image-12712\"\/><\/span><\/div><div class=\"fusion-separator fusion-full-width-sep\" style=\"align-self: center;margin-left: auto;margin-right: auto;margin-top:20px;width:100%;\"><\/div><div ><a class=\"fusion-button button-flat button-xlarge button-default fusion-button-default button-1 fusion-button-default-span fusion-button-default-type\" target=\"_self\"><span class=\"fusion-button-text\">Archimandrit Yeghische Avetisyan<\/span><\/a><\/div><div class=\"fusion-separator fusion-full-width-sep\" style=\"align-self: center;margin-left: auto;margin-right: auto;margin-top:20px;width:100%;\"><\/div><div class=\"fusion-social-links fusion-social-links-1\" style=\"--awb-margin-top:0px;--awb-margin-right:0px;--awb-margin-bottom:0px;--awb-margin-left:0px;--awb-box-border-top:0px;--awb-box-border-right:0px;--awb-box-border-bottom:0px;--awb-box-border-left:0px;--awb-icon-colors-hover:rgba(158,160,164,0.8);--awb-box-colors-hover:rgba(242,243,245,0.8);--awb-box-border-color:var(--awb-color3);--awb-box-border-color-hover:var(--awb-color4);\"><div class=\"fusion-social-networks color-type-custom\"><div class=\"fusion-social-networks-wrapper\"><a class=\"fusion-social-network-icon fusion-tooltip fusion-facebook awb-icon-facebook\" style=\"color:#9ea0a4;font-size:16px;\" data-placement=\"top\" data-title=\"Facebook\" data-toggle=\"tooltip\" title=\"Facebook\" aria-label=\"facebook\" target=\"_blank\" rel=\"noopener noreferrer\" href=\"https:\/\/www.facebook.com\/VahridschBaghdasaryan\"><\/a><a class=\"fusion-social-network-icon fusion-tooltip fusion-mail awb-icon-mail\" style=\"color:#9ea0a4;font-size:16px;\" data-placement=\"top\" data-title=\"Email\" data-toggle=\"tooltip\" title=\"Email\" aria-label=\"mail\" target=\"_blank\" rel=\"noopener noreferrer\" href=\"mailto:&#112;fr&#046;&#098;a&#103;h&#100;as&#097;ryan&#064;&#104;al&#108;&#101;.dakd.&#100;&#101;\"><\/a><\/div><\/div><\/div><\/div><\/div><div class=\"fusion-layout-column fusion_builder_column fusion-builder-column-1 fusion_builder_column_2_3 2_3 fusion-flex-column fusion-animated\" style=\"--awb-bg-size:cover;--awb-width-large:66.666666666667%;--awb-margin-top-large:0px;--awb-spacing-right-large:2.88%;--awb-margin-bottom-large:20px;--awb-spacing-left-large:6.048%;--awb-width-medium:100%;--awb-spacing-right-medium:1.92%;--awb-spacing-left-medium:1.92%;--awb-width-small:100%;--awb-spacing-right-small:1.92%;--awb-spacing-left-small:1.92%;\" data-animationType=\"fadeInRight\" data-animationDuration=\"1.0\" data-animationOffset=\"top-into-view\"><div class=\"fusion-column-wrapper fusion-column-has-shadow fusion-flex-justify-content-flex-start fusion-content-layout-column\"><div class=\"fusion-text fusion-text-1 awb-text-cols fusion-text-columns-2 fusion-no-small-visibility\" style=\"--awb-columns:2;--awb-column-spacing:2em;--awb-column-min-width:100px;\"><span class=\"fusion-dropcap dropcap\">G<\/span>\n<p>em\u00e4\u00df dem Segen und der Anordnung S. E. Bischof Serovp\u00e9 Isakhanyan, dem Primas der Di\u00f6zese der Armenischen Apostolischen Kirche in Deutschland, wurde Archimandrit Yeghishe Avetisyan ab September 2018 als Gemeindepfarrer in und um Berlin eingesetzt.<\/p>\n<p>Vater Yeghishe Avetisyan, mit dem Taufnamen Khachik, wurde 1977 in Musaler (Armenien) geboren. Er ist ein z\u00f6libat\u00e4rer Priester.<\/p>\n<p>Er studierte im Vazgenian Pristerseminar in Sewan\/Armenien und absolvierte sein Magisterstudium an der Theologischen Gevorgyan Akademie in St. Etschmiadzin, mit seiner Magisterarbeit zum Thema \u201eDas Leben und die T\u00e4tigkeit des Archimandriten Howhannes aus Yerzinka-Tsortsor\u201c. Ein weiteres Studium nahm er an der Fakult\u00e4t f\u00fcr Geschichte an der Staatlichen Universit\u00e4t Jerewan auf. Sein Vartabetentitel erlangte er durch seine Diplomarbeit \u201eBuch der Zuf\u00fcgung\u201c von Gregor aus Sanahin, Sohn von Abas.<\/p>\n<p>Seinen Dienst in der Armenischen Kirche begann Vater Yeghishe im Jahre 1994 im Vazgenian Pristerseminar in Sewan. Ab 2001 f\u00fchrte er seinen Dienst als Diakon in der Schatzkammer von St. Etschmiadzin, sowie in Museen und im Christlichen Erziehungszentrum weiter. Zugleich diente er im Kloster Geghard als ausbildender Geistlicher. Am 27. Februar 2003 empfing er durch Erzbischof Pargev Martirosyan die Priesterweihe am Verkl\u00e4rungsfest und erhielt den Ordensnamen Yeghishe.<\/p>\n<p>In seinem geistlichen Werdegang sammelte Vater Yeghishe Avetisyan Erfahrungen als Priester und Lehrer sowohl in Armeniens Klostern und Kirchen, als auch in Belgien (katholischer Kloster Sefton). 2008 bis 2011 diente er als Gemeindepfarrer in Berlin und Umgebung. Nach seiner R\u00fcckkehr nach Armenien wurde er zum geistlichen Seelsorger f\u00fcr den Weltverband der jungen Menschen bei der Armenischen Kirche ernannt.<\/p>\n<p>2013 bis 2018 diente er auf Anordnung des Katholikos Aller Armenier in Schweden. Seit 2018 ist Vater Yeghische erneut in Deutschland und dient als Gemeindepfarrer in Berlin und Umgebung.<\/p>\n<\/div><div class=\"fusion-text fusion-text-2 fusion-no-medium-visibility fusion-no-large-visibility\"><p><span class=\"fusion-dropcap dropcap\">P<\/span>farrer Vahridsch Baghdasaryan, Geburts-Taufname Vanand, ist am 1. August 1992 in Armenien, Aparan geboren.<\/p>\n<p>Zwischen den Jahren 1999 \u2013 2009 besuchte er eine Schule in der Stadt Lusagyugh, danach in Aparan. Im Jahr 2009 wurde er in die \u201eGevorkyan\u201d theologiesche Akademie von St. Etschmiadzin aufgenommen und absolvierte sein Studium im Jahr 2015. Er erhielt durch seine Masterarbeit\/Diplomarbeit : &#8222;Theologie der Trauung als Sakrament&#8220; einen Mastertitel.<\/p>\n<p>Am 25. Dezember 2014 in der Kathedrale &#8222;Gregor der Erleuchter&#8220;\u00a0 in Erevan, am Fest des ersten Diakons und des M\u00e4rtyrers Hl. Stephanus, empfing er die Diakonweihe durch den Bischof Hovakim Manukyan. Zwischen den Jahren\u00a0 2015 \u2013 2016 diente er im Katholikat aller Armenier im Sekretariat Seiner Heiligkeit.<\/p>\n<p>Durch die Anordung Seiner Heiligkeit des Katholikoses Karekin II kam er nach Deutschland als Diakon in der Di\u00f6zese der armenischen Kirche. Am 23. Juli 2017 wurde er durch den Erzbischof Karekin Bekdjian in der Surp Khatsch Kirche in Aparan zum Priester geweiht und zum seelsorgerischen Dienst nach Deutschland gesandt.<\/p>\n<p>Durch den Segen und die Anordnung des S. E. Bischofs Serovpe Isakhanyan, des Primas der Di\u00f6zese der Armenischen Apostolischen Kirche in Deutschland, wurde der\u00a0 Pfarrer Vahridsch Baghdasaryan vom 1. Oktober 2017 als Gemeindepfarrer in K\u00f6ln und Umgebung eingesetzt. Pfarrer Vahridsch Baghdasaryan ist verheiratet und hat einen Sohn.<\/p>\n<\/div><\/div><\/div><div class=\"fusion-layout-column fusion_builder_column fusion-builder-column-2 fusion_builder_column_1_1 1_1 fusion-flex-column\" style=\"--awb-bg-size:cover;--awb-width-large:100%;--awb-margin-top-large:0px;--awb-spacing-right-large:1.92%;--awb-margin-bottom-large:20px;--awb-spacing-left-large:1.92%;--awb-width-medium:100%;--awb-order-medium:0;--awb-spacing-right-medium:1.92%;--awb-spacing-left-medium:1.92%;--awb-width-small:100%;--awb-order-small:0;--awb-spacing-right-small:1.92%;--awb-spacing-left-small:1.92%;\"><div class=\"fusion-column-wrapper fusion-column-has-shadow fusion-flex-justify-content-flex-start fusion-content-layout-column\"><div class=\"fusion-separator fusion-full-width-sep\" style=\"align-self: center;margin-left: auto;margin-right: auto;margin-top:6%;width:100%;\"><div class=\"fusion-separator-border sep-single sep-solid\" style=\"--awb-height:20px;--awb-amount:20px;border-color:#e2e2e2;border-top-width:1px;\"><\/div><\/div><\/div><\/div><\/div><\/div><div class=\"fusion-fullwidth fullwidth-box fusion-builder-row-2 fusion-flex-container nonhundred-percent-fullwidth non-hundred-percent-height-scrolling\" style=\"--awb-border-radius-top-left:0px;--awb-border-radius-top-right:0px;--awb-border-radius-bottom-right:0px;--awb-border-radius-bottom-left:0px;--awb-padding-top:6%;--awb-padding-right:12%;--awb-padding-bottom:4%;--awb-padding-left:12%;--awb-padding-right-medium:35px;--awb-padding-left-medium:35px;--awb-padding-right-small:30px;--awb-padding-left-small:30px;--awb-flex-wrap:wrap;\" ><div class=\"fusion-builder-row fusion-row fusion-flex-align-items-stretch fusion-flex-content-wrap\" style=\"max-width:1248px;margin-left: calc(-4% \/ 2 );margin-right: calc(-4% \/ 2 );\"><div class=\"fusion-layout-column fusion_builder_column fusion-builder-column-3 fusion_builder_column_1_1 1_1 fusion-flex-column\" style=\"--awb-bg-size:cover;--awb-width-large:100%;--awb-margin-top-large:0px;--awb-spacing-right-large:1.92%;--awb-margin-bottom-large:20px;--awb-spacing-left-large:1.92%;--awb-width-medium:100%;--awb-order-medium:0;--awb-spacing-right-medium:1.92%;--awb-spacing-left-medium:1.92%;--awb-width-small:100%;--awb-order-small:0;--awb-spacing-right-small:1.92%;--awb-spacing-left-small:1.92%;\"><div class=\"fusion-column-wrapper fusion-column-has-shadow fusion-flex-justify-content-flex-start fusion-content-layout-column\"><div class=\"fusion-image-carousel fusion-image-carousel-auto fusion-image-carousel-1 fusion-carousel-border\"><div class=\"awb-carousel awb-swiper awb-swiper-carousel\" data-autoplay=\"no\" data-columns=\"1\" data-itemmargin=\"15\" data-itemwidth=\"180\" data-touchscroll=\"no\" data-imagesize=\"auto\" style=\"--awb-columns:1;--awb-column-spacing:15px;\"><div class=\"swiper-wrapper awb-image-carousel-wrapper fusion-flex-align-items-center\"><div class=\"swiper-slide\"><div class=\"fusion-carousel-item-wrapper\"><div class=\"fusion-image-wrapper hover-type-none\"><\/div><\/div><\/div><div class=\"swiper-slide\"><div class=\"fusion-carousel-item-wrapper\"><div class=\"fusion-image-wrapper hover-type-none\"><\/div><\/div><\/div><div class=\"swiper-slide\"><div class=\"fusion-carousel-item-wrapper\"><div class=\"fusion-image-wrapper hover-type-none\"><\/div><\/div><\/div><div class=\"swiper-slide\"><div class=\"fusion-carousel-item-wrapper\"><div class=\"fusion-image-wrapper hover-type-none\"><\/div><\/div><\/div><\/div><div class=\"awb-swiper-button awb-swiper-button-prev\"><i class=\"awb-icon-angle-left\" aria-hidden=\"true\"><\/i><\/div><div class=\"awb-swiper-button awb-swiper-button-next\"><i class=\"awb-icon-angle-right\" aria-hidden=\"true\"><\/i><\/div><\/div><\/div><\/div><\/div><div class=\"fusion-layout-column fusion_builder_column fusion-builder-column-4 fusion_builder_column_1_1 1_1 fusion-flex-column fusion-animated\" style=\"--awb-padding-right:0%;--awb-padding-left:0%;--awb-bg-size:cover;--awb-width-large:100%;--awb-margin-top-large:0px;--awb-spacing-right-large:0%;--awb-margin-bottom-large:0px;--awb-spacing-left-large:0%;--awb-width-medium:100%;--awb-spacing-right-medium:1.92%;--awb-spacing-left-medium:1.92%;--awb-width-small:100%;--awb-spacing-right-small:1.92%;--awb-spacing-left-small:1.92%;\" data-animationType=\"fadeInDown\" data-animationDuration=\"1.0\" data-animationOffset=\"top-into-view\"><div class=\"fusion-column-wrapper fusion-column-has-shadow fusion-flex-justify-content-flex-start fusion-content-layout-column\"><div class=\"fusion-separator fusion-full-width-sep\" style=\"align-self: center;margin-left: auto;margin-right: auto;margin-top:5%;width:100%;\"><\/div><div class=\"fusion-text fusion-text-3\"><blockquote>\n<p style=\"color: #000000; font-size: 30px; text-align: center;\" data-fusion-font=\"true\"><span style=\"color: #003366;\">&#8222;Die Armenische Apostolische Kirche ist f\u00fcr mich eine Gemeinschaft in der ich hingeh\u00f6re. Es ist zugleich ein Ort der Besinnung. Hier kann ich meinen Glauben st\u00e4rken. Hier bekomme ich Zuversicht. Hier kann ich mit Gott ins Gespr\u00e4ch kommen und sein Wort verk\u00fcnden.&#8220;<\/span><\/p>\n<p style=\"color: #000000; font-size: 30px; text-align: right;\" data-fusion-font=\"true\"><span style=\"color: #003366;\">Pfr. Vahridsch Baghdasaryan<\/span><\/p>\n<\/blockquote>\n<\/div><\/div><\/div><\/div><\/div><div class=\"fusion-fullwidth fullwidth-box fusion-builder-row-3 fusion-flex-container nonhundred-percent-fullwidth non-hundred-percent-height-scrolling\" style=\"--awb-border-radius-top-left:0px;--awb-border-radius-top-right:0px;--awb-border-radius-bottom-right:0px;--awb-border-radius-bottom-left:0px;--awb-flex-wrap:wrap;\" ><div class=\"fusion-builder-row fusion-row fusion-flex-align-items-flex-start fusion-flex-content-wrap\" style=\"max-width:1248px;margin-left: calc(-4% \/ 2 );margin-right: calc(-4% \/ 2 );\"><div class=\"fusion-layout-column fusion_builder_column fusion-builder-column-5 fusion_builder_column_1_1 1_1 fusion-flex-column fusion-animated\" style=\"--awb-bg-size:cover;--awb-width-large:100%;--awb-margin-top-large:0px;--awb-spacing-right-large:1.92%;--awb-margin-bottom-large:30px;--awb-spacing-left-large:1.92%;--awb-width-medium:100%;--awb-spacing-right-medium:1.92%;--awb-margin-bottom-medium:60px;--awb-spacing-left-medium:1.92%;--awb-width-small:100%;--awb-spacing-right-small:1.92%;--awb-spacing-left-small:1.92%;\" data-animationType=\"fadeInUp\" data-animationDuration=\"1.0\" data-animationOffset=\"top-into-view\"><div class=\"fusion-column-wrapper fusion-column-has-shadow fusion-flex-justify-content-flex-start fusion-content-layout-column\"><div class=\"fusion-title title fusion-title-1 fusion-title-center fusion-title-text fusion-title-size-two\"><div class=\"title-sep-container title-sep-container-left\"><div class=\"title-sep sep-single sep-solid\" style=\"border-color:#e2e2e2;\"><\/div><\/div><span class=\"awb-title-spacer\"><\/span><h2 class=\"fusion-title-heading title-heading-center\" style=\"margin:0;\"><span style=\"color: #ff0000;\">P<\/span>ublikationen, Predigten, Beitr\u00e4ge<\/h2><span class=\"awb-title-spacer\"><\/span><div class=\"title-sep-container title-sep-container-right\"><div class=\"title-sep sep-single sep-solid\" style=\"border-color:#e2e2e2;\"><\/div><\/div><\/div><div class=\"fusion-separator fusion-full-width-sep\" style=\"align-self: center;margin-left: auto;margin-right: auto;margin-top:5%;width:100%;\"><\/div><\/div><\/div><div class=\"fusion-layout-column fusion_builder_column fusion-builder-column-6 fusion_builder_column_1_2 1_2 fusion-flex-column\" style=\"--awb-bg-size:cover;--awb-width-large:50%;--awb-margin-top-large:0px;--awb-spacing-right-large:3.84%;--awb-margin-bottom-large:20px;--awb-spacing-left-large:3.84%;--awb-width-medium:100%;--awb-order-medium:0;--awb-spacing-right-medium:1.92%;--awb-spacing-left-medium:1.92%;--awb-width-small:100%;--awb-order-small:0;--awb-spacing-right-small:1.92%;--awb-spacing-left-small:1.92%;\"><div class=\"fusion-column-wrapper fusion-column-has-shadow fusion-flex-justify-content-flex-start fusion-content-layout-column\"><div class=\"fusion-title title fusion-title-2 fusion-title-text fusion-title-size-three\"><div class=\"title-sep-container title-sep-container-left fusion-no-large-visibility fusion-no-medium-visibility fusion-no-small-visibility\"><div class=\"title-sep sep-double sep-solid\" style=\"border-color:#e2e2e2;\"><\/div><\/div><span class=\"awb-title-spacer fusion-no-large-visibility fusion-no-medium-visibility fusion-no-small-visibility\"><\/span><h3 class=\"fusion-title-heading title-heading-left\" style=\"margin:0;\"><span style=\"color: #003366;\"><a style=\"color: #003366;\" href=\"https:\/\/www.youtube.com\/c\/ArmenischeGemeindeBadenW%C3%BCrttemberg\" target=\"_blank\" rel=\"noopener noreferrer\">VIDEOBEITR\u00c4GE<\/a><\/span><\/h3><span class=\"awb-title-spacer\"><\/span><div class=\"title-sep-container title-sep-container-right\"><div class=\"title-sep sep-double sep-solid\" style=\"border-color:#e2e2e2;\"><\/div><\/div><\/div><\/div><\/div><div class=\"fusion-layout-column fusion_builder_column fusion-builder-column-7 fusion_builder_column_1_2 1_2 fusion-flex-column\" style=\"--awb-bg-size:cover;--awb-width-large:50%;--awb-margin-top-large:0px;--awb-spacing-right-large:3.84%;--awb-margin-bottom-large:20px;--awb-spacing-left-large:3.84%;--awb-width-medium:100%;--awb-order-medium:0;--awb-spacing-right-medium:1.92%;--awb-spacing-left-medium:1.92%;--awb-width-small:100%;--awb-order-small:0;--awb-spacing-right-small:1.92%;--awb-spacing-left-small:1.92%;\"><div class=\"fusion-column-wrapper fusion-column-has-shadow fusion-flex-justify-content-flex-start fusion-content-layout-column\"><\/div><\/div><div class=\"fusion-layout-column fusion_builder_column fusion-builder-column-8 fusion_builder_column_1_1 1_1 fusion-flex-column\" style=\"--awb-bg-size:cover;--awb-width-large:100%;--awb-margin-top-large:0px;--awb-spacing-right-large:1.92%;--awb-margin-bottom-large:20px;--awb-spacing-left-large:1.92%;--awb-width-medium:100%;--awb-order-medium:0;--awb-spacing-right-medium:1.92%;--awb-spacing-left-medium:1.92%;--awb-width-small:100%;--awb-order-small:0;--awb-spacing-right-small:1.92%;--awb-spacing-left-small:1.92%;\"><div class=\"fusion-column-wrapper fusion-column-has-shadow fusion-flex-justify-content-flex-start fusion-content-layout-column\"><div class=\"fusion-separator fusion-full-width-sep\" style=\"align-self: center;margin-left: auto;margin-right: auto;margin-top:5%;width:100%;\"><\/div><div class=\"fusion-blog-shortcode fusion-blog-shortcode-1 fusion-blog-archive fusion-blog-layout-grid-wrapper fusion-blog-pagination\"><style type=\"text\/css\">.fusion-blog-shortcode-1 .fusion-blog-layout-grid .fusion-post-grid{padding:20px;}.fusion-blog-shortcode-1 .fusion-posts-container{margin-left: -20px !important; margin-right:-20px !important;}<\/style><div class=\"fusion-posts-container fusion-posts-container-pagination fusion-blog-rollover fusion-blog-layout-grid fusion-blog-layout-grid-3 isotope\" data-pages=\"2\" data-grid-col-space=\"40\" style=\"margin: -20px -20px 0;min-height:500px;\"><article id=\"blog-1-post-6627\" class=\"fusion-post-grid post-6627 post type-post status-publish format-standard has-post-thumbnail hentry category-baghdasaryan category-glaubensfragen\">\n<div class=\"fusion-post-wrapper\" style=\"background-color:rgba(255,255,255,0);border:1px solid #f2f3f5;border-bottom-width:3px;\">\n\n\t\t\t<div class=\"fusion-flexslider flexslider fusion-flexslider-loading fusion-post-slideshow\" style=\"border-color:#f2f3f5;\">\n\t\t<ul class=\"slides\">\n\t\t\t\n\t\t\t\t\t\t\t\t\t\t\t\t\t\t<li><div  class=\"fusion-image-wrapper\" aria-haspopup=\"true\">\n\t\t\t\t<img decoding=\"async\" width=\"900\" height=\"600\" src=\"https:\/\/halle.dakd.de\/wp-content\/uploads\/2020\/07\/WortZumSonntag.jpg\" class=\"attachment-full size-full wp-post-image\" alt=\"\" srcset=\"https:\/\/halle.dakd.de\/wp-content\/uploads\/2020\/07\/WortZumSonntag-200x133.jpg 200w, https:\/\/halle.dakd.de\/wp-content\/uploads\/2020\/07\/WortZumSonntag-400x267.jpg 400w, https:\/\/halle.dakd.de\/wp-content\/uploads\/2020\/07\/WortZumSonntag-600x400.jpg 600w, https:\/\/halle.dakd.de\/wp-content\/uploads\/2020\/07\/WortZumSonntag-800x533.jpg 800w, https:\/\/halle.dakd.de\/wp-content\/uploads\/2020\/07\/WortZumSonntag.jpg 900w\" sizes=\"(min-width: 2200px) 100vw, (min-width: 784px) 373px, (min-width: 712px) 560px, (min-width: 640px) 712px, \" \/><div class=\"fusion-rollover\">\n\t<div class=\"fusion-rollover-content\">\n\n\t\t\t\t\t\t\t\t\t\t\t\t\t\t<a class=\"fusion-rollover-link\" href=\"https:\/\/halle.dakd.de\/am\/wort-zum-sonntag-am-26-september-2020\/\">Wort zum Sonntag am 26. September 2020<\/a>\n\t\t\t\n\t\t\t\t\t\t\t\t\t\t\t\t\t\t\n\t\t\t\t\t\t\t\t\n\t\t\t\t\t\t\t\t\t\t\t\t\t<div class=\"fusion-rollover-sep\"><\/div>\n\t\t\t\t\n\t\t\t\t\t\t\t\t\t\t\t\t\t\t\t\t\t\t<a class=\"fusion-rollover-gallery\" href=\"https:\/\/halle.dakd.de\/wp-content\/uploads\/2020\/07\/WortZumSonntag.jpg\" data-id=\"6627\" data-rel=\"iLightbox[gallery]\" data-title=\"WortZumSonntag\" data-caption=\"\">\n\t\t\t\t\t\tGallery\t\t\t\t\t<\/a>\n\t\t\t\t\t\t\t\t\t\t\t\t\t\t\n\t\t\n\t\t\t\t\t\t\t\t\t\t\t\t<h4 class=\"fusion-rollover-title\">\n\t\t\t\t\t<a class=\"fusion-rollover-title-link\" href=\"https:\/\/halle.dakd.de\/am\/wort-zum-sonntag-am-26-september-2020\/\">\n\t\t\t\t\t\tWort zum Sonntag am 26. September 2020\t\t\t\t\t<\/a>\n\t\t\t\t<\/h4>\n\t\t\t\n\t\t\t\t\t\t\t\t\t\t<div class=\"fusion-rollover-categories\"><a href=\"https:\/\/halle.dakd.de\/am\/category\/baghdasaryan\/\" rel=\"tag\">Baghdasaryan<\/a>, <a href=\"https:\/\/halle.dakd.de\/am\/category\/glaubensfragen\/\" rel=\"tag\">Glaubensfragen<\/a><\/div>\t\t\t\t\t\n\t\t\n\t\t\t\t\t\t<a class=\"fusion-link-wrapper\" href=\"https:\/\/halle.dakd.de\/am\/wort-zum-sonntag-am-26-september-2020\/\" aria-label=\"Wort zum Sonntag am 26. September 2020\"><\/a>\n\t<\/div>\n<\/div>\n<\/div>\n<\/li>\n\t\t\t\n\t\t\t\n\t\t\t\t\t\t\t\t\t\t\t\t\t\t\t\t\t\t\t\t\t\t\t\t\t\t\t\t\t\t\t\t\t\t\t\t\t\t\t\t\t\t\t\t\t\t\t\t\t\t\t\t\t\t\t\t\t\t\t\t\t\t\t\t\t\t\t\t<\/ul>\n\t<\/div>\n\t<div class=\"fusion-post-content-wrapper\" style=\"padding:30px 25px 25px 25px;\"><div class=\"fusion-post-content post-content\"><h2 class=\"blog-shortcode-post-title entry-title\"><a href=\"https:\/\/halle.dakd.de\/am\/wort-zum-sonntag-am-26-september-2020\/\">Wort zum Sonntag am 26. September 2020<\/a><\/h2><p class=\"fusion-single-line-meta\"><span class=\"vcard\" style=\"display: none;\"><span class=\"fn\"><a href=\"https:\/\/halle.dakd.de\/am\/author\/webgo-admin\/\" title=\"ADMIN-\u056b \u0563\u0580\u0561\u057c\u0578\u0582\u0574\u0576\u0565\u0580\u0568\" rel=\"author\">ADMIN<\/a><\/span><\/span><span class=\"updated\" style=\"display:none;\">2020-10-19T10:28:44+02:00<\/span><span>26 \u054d\u0565\u057a\u057f\u0565\u0574\u0562\u0565\u0580\u056b, 2020<\/span><span class=\"fusion-inline-sep\">|<\/span><a href=\"https:\/\/halle.dakd.de\/am\/category\/baghdasaryan\/\" rel=\"category tag\">Baghdasaryan<\/a>, <a href=\"https:\/\/halle.dakd.de\/am\/category\/glaubensfragen\/\" rel=\"category tag\">Glaubensfragen<\/a><span class=\"fusion-inline-sep\">|<\/span><\/p><div class=\"fusion-content-sep sep-double sep-solid\"><\/div><div class=\"fusion-post-content-container\"><p> Liebe Gl\u00e4ubige, das Sonntagsevangelium vermittelt uns eine sehr wichtige [...]<\/p><\/div><\/div><div class=\"fusion-meta-info\"><div class=\"fusion-alignleft\"><a class=\"fusion-read-more\" href=\"https:\/\/halle.dakd.de\/am\/wort-zum-sonntag-am-26-september-2020\/\" aria-label=\"More on Wort zum Sonntag am 26. September 2020\">Read More<\/a><\/div><\/div><\/div><div class=\"fusion-clearfix\"><\/div><\/div>\n<\/article>\n<article id=\"blog-1-post-5740\" class=\"fusion-post-grid post-5740 post type-post status-publish format-standard has-post-thumbnail hentry category-baghdasaryan category-glaubensfragen\">\n<div class=\"fusion-post-wrapper\" style=\"background-color:rgba(255,255,255,0);border:1px solid #f2f3f5;border-bottom-width:3px;\">\n\n\t\t\t<div class=\"fusion-flexslider flexslider fusion-flexslider-loading fusion-post-slideshow\" style=\"border-color:#f2f3f5;\">\n\t\t<ul class=\"slides\">\n\t\t\t\n\t\t\t\t\t\t\t\t\t\t\t\t\t\t<li><div  class=\"fusion-image-wrapper\" aria-haspopup=\"true\">\n\t\t\t\t<img decoding=\"async\" width=\"900\" height=\"600\" src=\"https:\/\/halle.dakd.de\/wp-content\/uploads\/2020\/07\/WortZumSonntag.jpg\" class=\"attachment-full size-full wp-post-image\" alt=\"\" srcset=\"https:\/\/halle.dakd.de\/wp-content\/uploads\/2020\/07\/WortZumSonntag-200x133.jpg 200w, https:\/\/halle.dakd.de\/wp-content\/uploads\/2020\/07\/WortZumSonntag-400x267.jpg 400w, https:\/\/halle.dakd.de\/wp-content\/uploads\/2020\/07\/WortZumSonntag-600x400.jpg 600w, https:\/\/halle.dakd.de\/wp-content\/uploads\/2020\/07\/WortZumSonntag-800x533.jpg 800w, https:\/\/halle.dakd.de\/wp-content\/uploads\/2020\/07\/WortZumSonntag.jpg 900w\" sizes=\"(min-width: 2200px) 100vw, (min-width: 784px) 373px, (min-width: 712px) 560px, (min-width: 640px) 712px, \" \/><div class=\"fusion-rollover\">\n\t<div class=\"fusion-rollover-content\">\n\n\t\t\t\t\t\t\t\t\t\t\t\t\t\t<a class=\"fusion-rollover-link\" href=\"https:\/\/halle.dakd.de\/am\/wzs-04-07-2020\/\">Wort zum Sonntag am 04.07.2020<\/a>\n\t\t\t\n\t\t\t\t\t\t\t\t\t\t\t\t\t\t\n\t\t\t\t\t\t\t\t\n\t\t\t\t\t\t\t\t\t\t\t\t\t<div class=\"fusion-rollover-sep\"><\/div>\n\t\t\t\t\n\t\t\t\t\t\t\t\t\t\t\t\t\t\t\t\t\t\t<a class=\"fusion-rollover-gallery\" href=\"https:\/\/halle.dakd.de\/wp-content\/uploads\/2020\/07\/WortZumSonntag.jpg\" data-id=\"5740\" data-rel=\"iLightbox[gallery]\" data-title=\"WortZumSonntag\" data-caption=\"\">\n\t\t\t\t\t\tGallery\t\t\t\t\t<\/a>\n\t\t\t\t\t\t\t\t\t\t\t\t\t\t\n\t\t\n\t\t\t\t\t\t\t\t\t\t\t\t<h4 class=\"fusion-rollover-title\">\n\t\t\t\t\t<a class=\"fusion-rollover-title-link\" href=\"https:\/\/halle.dakd.de\/am\/wzs-04-07-2020\/\">\n\t\t\t\t\t\tWort zum Sonntag am 04.07.2020\t\t\t\t\t<\/a>\n\t\t\t\t<\/h4>\n\t\t\t\n\t\t\t\t\t\t\t\t\t\t<div class=\"fusion-rollover-categories\"><a href=\"https:\/\/halle.dakd.de\/am\/category\/baghdasaryan\/\" rel=\"tag\">Baghdasaryan<\/a>, <a href=\"https:\/\/halle.dakd.de\/am\/category\/glaubensfragen\/\" rel=\"tag\">Glaubensfragen<\/a><\/div>\t\t\t\t\t\n\t\t\n\t\t\t\t\t\t<a class=\"fusion-link-wrapper\" href=\"https:\/\/halle.dakd.de\/am\/wzs-04-07-2020\/\" aria-label=\"Wort zum Sonntag am 04.07.2020\"><\/a>\n\t<\/div>\n<\/div>\n<\/div>\n<\/li>\n\t\t\t\n\t\t\t\n\t\t\t\t\t\t\t\t\t\t\t\t\t\t\t\t\t\t\t\t\t\t\t\t\t\t\t\t\t\t\t\t\t\t\t\t\t\t\t\t\t\t\t\t\t\t\t\t\t\t\t\t\t\t\t\t\t\t\t\t\t\t\t\t\t\t\t\t<\/ul>\n\t<\/div>\n\t<div class=\"fusion-post-content-wrapper\" style=\"padding:30px 25px 25px 25px;\"><div class=\"fusion-post-content post-content\"><h2 class=\"blog-shortcode-post-title entry-title\"><a href=\"https:\/\/halle.dakd.de\/am\/wzs-04-07-2020\/\">Wort zum Sonntag am 04.07.2020<\/a><\/h2><p class=\"fusion-single-line-meta\"><span class=\"vcard\" style=\"display: none;\"><span class=\"fn\"><a href=\"https:\/\/halle.dakd.de\/am\/author\/webgo-admin\/\" title=\"ADMIN-\u056b \u0563\u0580\u0561\u057c\u0578\u0582\u0574\u0576\u0565\u0580\u0568\" rel=\"author\">ADMIN<\/a><\/span><\/span><span class=\"updated\" style=\"display:none;\">2020-07-29T18:09:14+02:00<\/span><span>4 \u0540\u0578\u0582\u056c\u056b\u057d\u056b, 2020<\/span><span class=\"fusion-inline-sep\">|<\/span><a href=\"https:\/\/halle.dakd.de\/am\/category\/baghdasaryan\/\" rel=\"category tag\">Baghdasaryan<\/a>, <a href=\"https:\/\/halle.dakd.de\/am\/category\/glaubensfragen\/\" rel=\"category tag\">Glaubensfragen<\/a><span class=\"fusion-inline-sep\">|<\/span><\/p><div class=\"fusion-content-sep sep-double sep-solid\"><\/div><div class=\"fusion-post-content-container\"><p>Heute erinnert unsere Kirche an die Auffindung der Schatulle der [...]<\/p><\/div><\/div><div class=\"fusion-meta-info\"><div class=\"fusion-alignleft\"><a class=\"fusion-read-more\" href=\"https:\/\/halle.dakd.de\/am\/wzs-04-07-2020\/\" aria-label=\"More on Wort zum Sonntag am 04.07.2020\">Read More<\/a><\/div><\/div><\/div><div class=\"fusion-clearfix\"><\/div><\/div>\n<\/article>\n<article id=\"blog-1-post-5730\" class=\"fusion-post-grid post-5730 post type-post status-publish format-standard has-post-thumbnail hentry category-baghdasaryan category-glaubensfragen\">\n<div class=\"fusion-post-wrapper\" style=\"background-color:rgba(255,255,255,0);border:1px solid #f2f3f5;border-bottom-width:3px;\">\n\n\t\t\t<div class=\"fusion-flexslider flexslider fusion-flexslider-loading fusion-post-slideshow\" style=\"border-color:#f2f3f5;\">\n\t\t<ul class=\"slides\">\n\t\t\t\n\t\t\t\t\t\t\t\t\t\t\t\t\t\t<li><div  class=\"fusion-image-wrapper\" aria-haspopup=\"true\">\n\t\t\t\t<img decoding=\"async\" width=\"900\" height=\"600\" src=\"https:\/\/halle.dakd.de\/wp-content\/uploads\/2020\/07\/WortZumSonntag.jpg\" class=\"attachment-full size-full wp-post-image\" alt=\"\" srcset=\"https:\/\/halle.dakd.de\/wp-content\/uploads\/2020\/07\/WortZumSonntag-200x133.jpg 200w, https:\/\/halle.dakd.de\/wp-content\/uploads\/2020\/07\/WortZumSonntag-400x267.jpg 400w, https:\/\/halle.dakd.de\/wp-content\/uploads\/2020\/07\/WortZumSonntag-600x400.jpg 600w, https:\/\/halle.dakd.de\/wp-content\/uploads\/2020\/07\/WortZumSonntag-800x533.jpg 800w, https:\/\/halle.dakd.de\/wp-content\/uploads\/2020\/07\/WortZumSonntag.jpg 900w\" sizes=\"(min-width: 2200px) 100vw, (min-width: 784px) 373px, (min-width: 712px) 560px, (min-width: 640px) 712px, \" \/><div class=\"fusion-rollover\">\n\t<div class=\"fusion-rollover-content\">\n\n\t\t\t\t\t\t\t\t\t\t\t\t\t\t<a class=\"fusion-rollover-link\" href=\"https:\/\/halle.dakd.de\/am\/wzs-23-05-2020\/\">Wort zum Sonntag am 23.05.2020<\/a>\n\t\t\t\n\t\t\t\t\t\t\t\t\t\t\t\t\t\t\n\t\t\t\t\t\t\t\t\n\t\t\t\t\t\t\t\t\t\t\t\t\t<div class=\"fusion-rollover-sep\"><\/div>\n\t\t\t\t\n\t\t\t\t\t\t\t\t\t\t\t\t\t\t\t\t\t\t<a class=\"fusion-rollover-gallery\" href=\"https:\/\/halle.dakd.de\/wp-content\/uploads\/2020\/07\/WortZumSonntag.jpg\" data-id=\"5730\" data-rel=\"iLightbox[gallery]\" data-title=\"WortZumSonntag\" data-caption=\"\">\n\t\t\t\t\t\tGallery\t\t\t\t\t<\/a>\n\t\t\t\t\t\t\t\t\t\t\t\t\t\t\n\t\t\n\t\t\t\t\t\t\t\t\t\t\t\t<h4 class=\"fusion-rollover-title\">\n\t\t\t\t\t<a class=\"fusion-rollover-title-link\" href=\"https:\/\/halle.dakd.de\/am\/wzs-23-05-2020\/\">\n\t\t\t\t\t\tWort zum Sonntag am 23.05.2020\t\t\t\t\t<\/a>\n\t\t\t\t<\/h4>\n\t\t\t\n\t\t\t\t\t\t\t\t\t\t<div class=\"fusion-rollover-categories\"><a href=\"https:\/\/halle.dakd.de\/am\/category\/baghdasaryan\/\" rel=\"tag\">Baghdasaryan<\/a>, <a href=\"https:\/\/halle.dakd.de\/am\/category\/glaubensfragen\/\" rel=\"tag\">Glaubensfragen<\/a><\/div>\t\t\t\t\t\n\t\t\n\t\t\t\t\t\t<a class=\"fusion-link-wrapper\" href=\"https:\/\/halle.dakd.de\/am\/wzs-23-05-2020\/\" aria-label=\"Wort zum Sonntag am 23.05.2020\"><\/a>\n\t<\/div>\n<\/div>\n<\/div>\n<\/li>\n\t\t\t\n\t\t\t\n\t\t\t\t\t\t\t\t\t\t\t\t\t\t\t\t\t\t\t\t\t\t\t\t\t\t\t\t\t\t\t\t\t\t\t\t\t\t\t\t\t\t\t\t\t\t\t\t\t\t\t\t\t\t\t\t\t\t\t\t\t\t\t\t\t\t\t\t<\/ul>\n\t<\/div>\n\t<div class=\"fusion-post-content-wrapper\" style=\"padding:30px 25px 25px 25px;\"><div class=\"fusion-post-content post-content\"><h2 class=\"blog-shortcode-post-title entry-title\"><a href=\"https:\/\/halle.dakd.de\/am\/wzs-23-05-2020\/\">Wort zum Sonntag am 23.05.2020<\/a><\/h2><p class=\"fusion-single-line-meta\"><span class=\"vcard\" style=\"display: none;\"><span class=\"fn\"><a href=\"https:\/\/halle.dakd.de\/am\/author\/webgo-admin\/\" title=\"ADMIN-\u056b \u0563\u0580\u0561\u057c\u0578\u0582\u0574\u0576\u0565\u0580\u0568\" rel=\"author\">ADMIN<\/a><\/span><\/span><span class=\"updated\" style=\"display:none;\">2020-07-29T17:43:22+02:00<\/span><span>26 \u0544\u0561\u0575\u056b\u057d\u056b, 2020<\/span><span class=\"fusion-inline-sep\">|<\/span><a href=\"https:\/\/halle.dakd.de\/am\/category\/baghdasaryan\/\" rel=\"category tag\">Baghdasaryan<\/a>, <a href=\"https:\/\/halle.dakd.de\/am\/category\/glaubensfragen\/\" rel=\"category tag\">Glaubensfragen<\/a><span class=\"fusion-inline-sep\">|<\/span><\/p><div class=\"fusion-content-sep sep-double sep-solid\"><\/div><div class=\"fusion-post-content-container\"><p>Gesegnet sei er, der kommt im Namen des Herrn! (Markus [...]<\/p><\/div><\/div><div class=\"fusion-meta-info\"><div class=\"fusion-alignleft\"><a class=\"fusion-read-more\" href=\"https:\/\/halle.dakd.de\/am\/wzs-23-05-2020\/\" aria-label=\"More on Wort zum Sonntag am 23.05.2020\">Read More<\/a><\/div><\/div><\/div><div class=\"fusion-clearfix\"><\/div><\/div>\n<\/article>\n<div class=\"fusion-clearfix\"><\/div><\/div><div class=\"pagination clearfix\"><span class=\"current\">1<\/span><a href=\"https:\/\/halle.dakd.de\/am\/wp-json\/wp\/v2\/pages\/5680\/page\/2\/\" class=\"inactive\">2<\/a><a class=\"pagination-next\" rel=\"next\" href=\"https:\/\/halle.dakd.de\/am\/wp-json\/wp\/v2\/pages\/5680\/page\/2\/\"><span class=\"page-text\">Next<\/span><span class=\"page-next\"><\/span><\/a><\/div><div class=\"fusion-clearfix\"><\/div><\/div><\/div><\/div><\/div><\/div><\/p>\n","protected":false},"excerpt":{"rendered":"","protected":false},"author":1,"featured_media":12181,"parent":0,"menu_order":0,"comment_status":"closed","ping_status":"closed","template":"100-width.php","meta":{"footnotes":""},"class_list":["post-5680","page","type-page","status-publish","has-post-thumbnail","hentry"],"_links":{"self":[{"href":"https:\/\/halle.dakd.de\/am\/wp-json\/wp\/v2\/pages\/5680","targetHints":{"allow":["GET"]}}],"collection":[{"href":"https:\/\/halle.dakd.de\/am\/wp-json\/wp\/v2\/pages"}],"about":[{"href":"https:\/\/halle.dakd.de\/am\/wp-json\/wp\/v2\/types\/page"}],"author":[{"embeddable":true,"href":"https:\/\/halle.dakd.de\/am\/wp-json\/wp\/v2\/users\/1"}],"replies":[{"embeddable":true,"href":"https:\/\/halle.dakd.de\/am\/wp-json\/wp\/v2\/comments?post=5680"}],"version-history":[{"count":0,"href":"https:\/\/halle.dakd.de\/am\/wp-json\/wp\/v2\/pages\/5680\/revisions"}],"wp:featuredmedia":[{"embeddable":true,"href":"https:\/\/halle.dakd.de\/am\/wp-json\/wp\/v2\/media\/12181"}],"wp:attachment":[{"href":"https:\/\/halle.dakd.de\/am\/wp-json\/wp\/v2\/media?parent=5680"}],"curies":[{"name":"wp","href":"https:\/\/api.w.org\/{rel}","templated":true}]}}